{"id":20616,"date":"2025-10-24T17:00:15","date_gmt":"2025-10-24T15:00:15","guid":{"rendered":"https:\/\/cms.zdv.uni-mainz.de\/fb08\/?page_id=20616"},"modified":"2026-02-05T08:27:10","modified_gmt":"2026-02-05T07:27:10","slug":"drs-elke-and-rainer-goebel-foundation","status":"publish","type":"page","link":"https:\/\/www.fb08.uni-mainz.de\/en\/about-the-faculty\/drs-elke-and-rainer-goebel-foundation\/","title":{"rendered":"Drs. Elke and Rainer G\u00f6bel Foundation"},"content":{"rendered":"<jgu-base-pageheader react-props=\"{\n    &quot;items&quot;: [\n        {\n            &quot;box&quot;: {\n                &quot;index&quot;: &quot;&quot;,\n                &quot;title&quot;: &quot;The Drs. Elke and Rainer G\\u00f6bel Foundation &quot;,\n                &quot;link&quot;: {\n                    &quot;url&quot;: &quot;&quot;,\n                    &quot;title&quot;: &quot;learn more&quot;\n                }\n            },\n            &quot;color&quot;: &quot;dark&quot;,\n            &quot;image&quot;: {\n                &quot;url&quot;: &quot;&quot;\n            },\n            &quot;imgCredit&quot;: &quot;&quot;,\n            &quot;useVideo&quot;: false,\n            &quot;video&quot;: false\n        }\n    ],\n    &quot;type&quot;: &quot;small&quot;,\n    &quot;useBreadcrumb&quot;: true,\n    &quot;align&quot;: &quot;full&quot;,\n    &quot;quicklinks&quot;: {\n        &quot;show&quot;: false,\n        &quot;selects&quot;: []\n    }\n}\">\n<\/jgu-base-pageheader>\n<div class=\"wp-block-columns is-layout-flex wp-container-core-columns-is-layout-9d6595d7 wp-block-columns-is-layout-flex\">\n<div class=\"wp-block-column is-layout-flow wp-block-column-is-layout-flow\" style=\"flex-basis:66.66%\"><jgu-base-image react-props=\"{\n    &quot;image&quot;: {\n        &quot;url&quot;: &quot;https:\\\/\\\/cms.zdv.uni-mainz.de\\\/fb08\\\/wp-content\\\/uploads\\\/sites\\\/89\\\/2025\\\/10\\\/UF_gruendung_goebel-stiftung-scaled.jpg&quot;,\n        &quot;id&quot;: 19929,\n        &quot;description&quot;: &quot;Gr\\u00fcndung der Stiftung am 31. August 2017; v.l.n.r.: Univ.-Prof. Dr. Concettina Sfienti, Univ.-Prof. Dr. Patrick Windpassinger, Pr\\u00e4sident Univ.-Prof. Dr. Georg Krausch, Dr. Elke G\\u00f6bel, Dr. Rainer G\\u00f6bel, Vorstandsvorsitzender Helmut Rittgen, Vorstandsmitglied Gerhard G\\u00f6llner&quot;,\n        &quot;title&quot;: &quot;Gr\\u00fcndung der G\\u00f6bel-Stiftung | \\u00a9 Peter Pulkowski&quot;,\n        &quot;width&quot;: 2560,\n        &quot;height&quot;: 1468,\n        &quot;srcset&quot;: &quot;https:\\\/\\\/cms.zdv.uni-mainz.de\\\/fb08\\\/wp-content\\\/uploads\\\/sites\\\/89\\\/2025\\\/10\\\/UF_gruendung_goebel-stiftung-scaled.jpg 2560w, https:\\\/\\\/cms.zdv.uni-mainz.de\\\/fb08\\\/wp-content\\\/uploads\\\/sites\\\/89\\\/2025\\\/10\\\/UF_gruendung_goebel-stiftung-300x172.jpg 300w, https:\\\/\\\/cms.zdv.uni-mainz.de\\\/fb08\\\/wp-content\\\/uploads\\\/sites\\\/89\\\/2025\\\/10\\\/UF_gruendung_goebel-stiftung-1024x587.jpg 1024w, https:\\\/\\\/cms.zdv.uni-mainz.de\\\/fb08\\\/wp-content\\\/uploads\\\/sites\\\/89\\\/2025\\\/10\\\/UF_gruendung_goebel-stiftung-768x440.jpg 768w, https:\\\/\\\/cms.zdv.uni-mainz.de\\\/fb08\\\/wp-content\\\/uploads\\\/sites\\\/89\\\/2025\\\/10\\\/UF_gruendung_goebel-stiftung-1536x881.jpg 1536w, https:\\\/\\\/cms.zdv.uni-mainz.de\\\/fb08\\\/wp-content\\\/uploads\\\/sites\\\/89\\\/2025\\\/10\\\/UF_gruendung_goebel-stiftung-2048x1174.jpg 2048w&quot;\n    },\n    &quot;caption&quot;: &quot;Foundation established on August 31, 2017; from left to right: Univ.-Prof. Dr. Concettina Sfienti, Univ.-Prof. Dr. Patrick Windpassinger, President Univ.-Prof. Dr. Georg Krausch, Dr. Elke G\\u00f6bel, Dr. Rainer G\\u00f6bel, Chairman of the Board Helmut Rittgen, Board Member Gerhard G\\u00f6llner&quot;,\n    &quot;align&quot;: &quot;&quot;,\n    &quot;hasLightbox&quot;: false,\n    &quot;imgWidth&quot;: 0,\n    &quot;link&quot;: {\n        &quot;url&quot;: &quot;&quot;,\n        &quot;target&quot;: &quot;&quot;,\n        &quot;rel&quot;: &quot;&quot;\n    }\n}\" class=\"align-\">\n    \n<\/jgu-base-image><\/div>\n\n\n\n<div class=\"wp-block-column is-layout-flow wp-block-column-is-layout-flow\" style=\"flex-basis:33.33%\"><\/div>\n<\/div>\n\n<div style=\"height:60px\" aria-hidden=\"true\" class=\"wp-block-spacer\"><\/div>\n<jgu-base-section react-props=\"{&quot;color&quot;:&quot;light&quot;,&quot;translatedWithWPMLTM&quot;:&quot;1&quot;,&quot;align&quot;:&quot;wide&quot;,&quot;padding&quot;:&quot;medium&quot;}\">\n<div class=\"jgu-bgsection bg bg-light\"><div class=\"content padding-medium\">\n<div class=\"wp-block-columns is-layout-flex wp-container-core-columns-is-layout-9d6595d7 wp-block-columns-is-layout-flex\">\n<div class=\"wp-block-column is-layout-flow wp-block-column-is-layout-flow\" style=\"flex-basis:66%\">\n<p>Dr. Elke G\u00f6bel and Dr. Rainer G\u00f6bel have been closely associated with JGU for many years. Both completed their physics studies here and, as alumni, maintain intensive contact with their alma mater. They support numerous university projects and facilities and are also involved in the board of trustees of the <a href=\"https:\/\/www.freunde.uni-mainz.de\/\">Freunde der Universit\u00e4t Mainz e. V.<\/a>  <\/p>\n\n\n\n<p>As a special expression of their connection, the couple founded the Drs. Elke and Rainer G\u00f6bel Foundation in 2017. The foundation contributes primarily to the promotion of international students in physics and aims to strengthen the connection of graduates from the entire faculty with JGU.  <\/p>\n\n\n\n<p>Once a year, the Drs. Elke and Rainer G\u00f6bel Foundation also awards a dissertation prize for a doctorate completed at the faculty of Physics, Mathematics, and Computer Science. The prize is ceremoniously awarded at JGU&#8217;s Dies Academicus. <\/p>\n\n\n\n<p>In addition to the Drs. Elke and Rainer G\u00f6bel Foundation, the G\u00f6bel couple also established the  <a href=\"https:\/\/goebel-klima-stiftung.uni-mainz.de\/\">Drs. G\u00f6bel Climate Foundation <\/a>in 2021, which is dedicated to climate research and the promotion and mentoring of young research talents in this field at JGU. In 2023, the G\u00f6bel couple founded their third foundation at JGU, the  <a href=\"https:\/\/www.musik.uni-mainz.de\/foerdern-und-stiften-an-der-hochschule-fuer-musik-mainz\/#dres-goebel-stiftung\">Drs. G\u00f6bel Foundation for Music <\/a> , which is committed to the promotion of arts and culture, science and research, as well as education, and general and vocational training, including student support, at the School of Music.<\/p>\n\n\n<jgu-base-contactcard react-props=\"{\n    &quot;name&quot;: &quot;Contact&quot;,\n    &quot;align&quot;: &quot;wide&quot;,\n    &quot;actions&quot;: [],\n    &quot;color&quot;: &quot;default&quot;\n}\">\n    \n<jgu-base-listitem react-props=\"{\n    &quot;icon&quot;: &quot;university-solid&quot;,\n    &quot;title&quot;: &quot;Dean&#039;s Office of the Faculty of Physics, Mathematics, and Computer Science&lt;br&gt;Staudingerweg 7&lt;br&gt;55128 Mainz&quot;,\n    &quot;uuid&quot;: &quot;1761653920545&quot;,\n    &quot;align&quot;: &quot;wide&quot;,\n    &quot;showInActions&quot;: false,\n    &quot;allowNesting&quot;: true,\n    &quot;showExpandableContent&quot;: false,\n    &quot;expandableContent&quot;: &quot;&quot;,\n    &quot;link&quot;: {\n        &quot;url&quot;: &quot;&quot;\n    }\n}\">\n    \n<\/jgu-base-listitem>\n\n<jgu-base-listitem react-props=\"{\n    &quot;icon&quot;: &quot;envelope-solid&quot;,\n    &quot;title&quot;: &quot;dekanat@phmi.uni-mainz.de&quot;,\n    &quot;uuid&quot;: &quot;1761653967607&quot;,\n    &quot;align&quot;: &quot;wide&quot;,\n    &quot;showInActions&quot;: false,\n    &quot;allowNesting&quot;: true,\n    &quot;showExpandableContent&quot;: false,\n    &quot;expandableContent&quot;: &quot;&quot;,\n    &quot;link&quot;: {\n        &quot;url&quot;: &quot;&quot;\n    }\n}\">\n    \n<\/jgu-base-listitem>\n\n<jgu-base-listitem react-props=\"{\n    &quot;icon&quot;: &quot;phone-solid&quot;,\n    &quot;title&quot;: &quot;+49 6131 \\\/ 39-20660&quot;,\n    &quot;uuid&quot;: &quot;1761653844801&quot;,\n    &quot;align&quot;: &quot;wide&quot;,\n    &quot;showInActions&quot;: false,\n    &quot;allowNesting&quot;: true,\n    &quot;showExpandableContent&quot;: false,\n    &quot;expandableContent&quot;: &quot;&quot;,\n    &quot;link&quot;: {\n        &quot;url&quot;: &quot;&quot;\n    }\n}\">\n    \n<\/jgu-base-listitem>\n\n<\/jgu-base-contactcard><\/div>\n\n\n\n<div class=\"wp-block-column is-layout-flow wp-block-column-is-layout-flow\" style=\"flex-basis:33%\"><jgu-base-button style=\"display: flex; flex-wrap: wrap; column-gap: 30px; max-width: 100%; flex-direction: column; align-items: flex-start\">\n  \n<jgu-base-buttonitem react-props=\"{\n    &quot;text&quot;: &quot;&lt;a href=\\&quot;https:\\\/\\\/goebel-klima-stiftung.uni-mainz.de\\\/\\&quot; target=\\&quot;_blank\\&quot; rel=\\&quot;noreferrer noopener\\&quot;&gt;Drs. G\\u00f6bel Klima-Stiftung &lt;\\\/a&gt;&quot;,\n    &quot;styling&quot;: &quot;line&quot;,\n    &quot;link&quot;: {\n        &quot;url&quot;: &quot;https:\\\/\\\/goebel-klima-stiftung.uni-mainz.de\\\/&quot;,\n        &quot;linkTarget&quot;: &quot;&quot;,\n        &quot;rel&quot;: &quot;&quot;\n    },\n    &quot;align&quot;: &quot;left&quot;,\n    &quot;icon&quot;: &quot;arrow-right-solid&quot;,\n    &quot;type&quot;: &quot;default&quot;,\n    &quot;iconBefore&quot;: false,\n    &quot;isSmall&quot;: false,\n    &quot;fullWidth&quot;: false,\n    &quot;className&quot;: &quot;&quot;\n}\"><\/jgu-base-buttonitem>\n\n<jgu-base-buttonitem react-props=\"{\n    &quot;text&quot;: &quot;&lt;a href=\\&quot;https:\\\/\\\/www.musik.uni-mainz.de\\\/hochschule\\\/dres-goebel-stiftung-fuer-musik\\\/\\&quot; target=\\&quot;_blank\\&quot; rel=\\&quot;noreferrer noopener\\&quot;&gt;Drs. G\\u00f6bel Foundation for Music &lt;\\\/a&gt;&quot;,\n    &quot;styling&quot;: &quot;line&quot;,\n    &quot;link&quot;: {\n        &quot;url&quot;: &quot;https:\\\/\\\/www.musik.uni-mainz.de\\\/foerdern-und-stiften-an-der-hochschule-fuer-musik-mainz&quot;,\n        &quot;linkTarget&quot;: &quot;&quot;,\n        &quot;rel&quot;: &quot;&quot;\n    },\n    &quot;align&quot;: &quot;left&quot;,\n    &quot;icon&quot;: &quot;arrow-right-solid&quot;,\n    &quot;type&quot;: &quot;default&quot;,\n    &quot;iconBefore&quot;: false,\n    &quot;isSmall&quot;: false,\n    &quot;fullWidth&quot;: false,\n    &quot;className&quot;: &quot;&quot;\n}\"><\/jgu-base-buttonitem>\n\n<jgu-base-buttonitem react-props=\"{\n    &quot;text&quot;: &quot;Support JGU&quot;,\n    &quot;styling&quot;: &quot;line&quot;,\n    &quot;link&quot;: {\n        &quot;url&quot;: &quot;https:\\\/\\\/www.foerdern-und-stiften.uni-mainz.de\\\/&quot;,\n        &quot;linkTarget&quot;: &quot;&quot;,\n        &quot;rel&quot;: &quot;&quot;\n    },\n    &quot;align&quot;: &quot;left&quot;,\n    &quot;icon&quot;: &quot;arrow-right-solid&quot;,\n    &quot;type&quot;: &quot;default&quot;,\n    &quot;iconBefore&quot;: false,\n    &quot;isSmall&quot;: false,\n    &quot;fullWidth&quot;: false,\n    &quot;className&quot;: &quot;&quot;\n}\"><\/jgu-base-buttonitem>\n\n<jgu-base-buttonitem react-props=\"{\n    &quot;text&quot;: &quot;Dies Academicus at JGU&quot;,\n    &quot;styling&quot;: &quot;line&quot;,\n    &quot;link&quot;: {\n        &quot;url&quot;: &quot;https:\\\/\\\/gkk.uni-mainz.de\\\/en\\\/#dies-academicus&quot;,\n        &quot;linkTarget&quot;: &quot;&quot;,\n        &quot;rel&quot;: &quot;&quot;\n    },\n    &quot;align&quot;: &quot;left&quot;,\n    &quot;icon&quot;: &quot;arrow-right-solid&quot;,\n    &quot;type&quot;: &quot;default&quot;,\n    &quot;iconBefore&quot;: false,\n    &quot;isSmall&quot;: false,\n    &quot;fullWidth&quot;: false,\n    &quot;className&quot;: &quot;&quot;\n}\"><\/jgu-base-buttonitem>\n\n<jgu-base-buttonitem react-props=\"{\n    &quot;text&quot;: &quot;&lt;a href=\\&quot;https:\\\/\\\/www.freunde.uni-mainz.de\\\/\\&quot;&gt;Freunde der Universit\\u00e4t Mainz e. V.&lt;\\\/a&gt;&quot;,\n    &quot;styling&quot;: &quot;line&quot;,\n    &quot;link&quot;: {\n        &quot;url&quot;: &quot;https:\\\/\\\/www.freunde.uni-mainz.de\\\/&quot;,\n        &quot;linkTarget&quot;: &quot;&quot;,\n        &quot;rel&quot;: &quot;&quot;\n    },\n    &quot;align&quot;: &quot;left&quot;,\n    &quot;icon&quot;: &quot;arrow-right-solid&quot;,\n    &quot;type&quot;: &quot;default&quot;,\n    &quot;iconBefore&quot;: false,\n    &quot;isSmall&quot;: false,\n    &quot;fullWidth&quot;: false,\n    &quot;className&quot;: &quot;&quot;\n}\"><\/jgu-base-buttonitem>\n\n<\/jgu-base-button><\/div>\n<\/div>\n<\/div><\/div>\n<\/jgu-base-section>    <div style=\"display: none\">\n        \n    <\/div>","protected":false},"excerpt":{"rendered":"","protected":false},"author":281,"featured_media":0,"parent":20572,"menu_order":0,"comment_status":"closed","ping_status":"closed","template":"","meta":{"footnotes":""},"categories":[],"tags":[],"class_list":["post-20616","page","type-page","status-publish","hentry"],"content_raw":"<!-- wp:jgu\/pageheader {\"items\":[{\"box\":{\"index\":\"\",\"title\":\"The Drs. Elke and Rainer G\u00f6bel Foundation \",\"link\":{\"url\":\"\",\"title\":\"learn more\"}},\"color\":\"dark\",\"image\":{\"url\":\"\"},\"imgCredit\":\"\",\"useVideo\":false,\"video\":false}],\"type\":\"small\",\"useBreadcrumb\":true} \/--><!-- wp:columns -->\n<div class=\"wp-block-columns\"><!-- wp:column {\"width\":\"66.66%\"} -->\n<div class=\"wp-block-column\" style=\"flex-basis:66.66%\"><!-- wp:jgu\/image {\"image\":{\"url\":null,\"id\":19929},\"caption\":\"Foundation established on August 31, 2017; from left to right: Univ.-Prof. Dr. Concettina Sfienti, Univ.-Prof. Dr. Patrick Windpassinger, President Univ.-Prof. Dr. Georg Krausch, Dr. Elke G\u00f6bel, Dr. Rainer G\u00f6bel, Chairman of the Board Helmut Rittgen, Board Member Gerhard G\u00f6llner\"} \/--><\/div>\n<!-- \/wp:column -->\n\n<!-- wp:column {\"width\":\"33.33%\"} -->\n<div class=\"wp-block-column\" style=\"flex-basis:33.33%\"><\/div>\n<!-- \/wp:column --><\/div>\n<!-- \/wp:columns --><!-- wp:spacer {\"height\":\"60px\"} -->\n<div style=\"height:60px\" aria-hidden=\"true\" class=\"wp-block-spacer\"><\/div>\n<!-- \/wp:spacer --><!-- wp:jgu\/section {\"color\": \"light\", \"translatedWithWPMLTM\": \"1\"} -->\n<div class=\"jgu-bgsection bg bg-light\"><div class=\"content padding-medium\"><!-- wp:columns -->\n<div class=\"wp-block-columns\"><!-- wp:column {\"width\":\"66%\"} -->\n<div class=\"wp-block-column\" style=\"flex-basis:66%\"><!-- wp:paragraph {\"translatedWithWPMLTM\":\"1\"} -->\n<p>Dr. Elke G\u00f6bel and Dr. Rainer G\u00f6bel have been closely associated with JGU for many years. Both completed their physics studies here and, as alumni, maintain intensive contact with their alma mater. They support numerous university projects and facilities and are also involved in the board of trustees of the <a href=\"https:\/\/www.freunde.uni-mainz.de\/\">Freunde der Universit\u00e4t Mainz e. V.<\/a>  <\/p>\n<!-- \/wp:paragraph -->\n\n<!-- wp:paragraph {\"translatedWithWPMLTM\":\"1\"} -->\n<p>As a special expression of their connection, the couple founded the Drs. Elke and Rainer G\u00f6bel Foundation in 2017. The foundation contributes primarily to the promotion of international students in physics and aims to strengthen the connection of graduates from the entire faculty with JGU.  <\/p>\n<!-- \/wp:paragraph -->\n\n<!-- wp:paragraph {\"translatedWithWPMLTM\":\"1\"} -->\n<p>Once a year, the Drs. Elke and Rainer G\u00f6bel Foundation also awards a dissertation prize for a doctorate completed at the faculty of Physics, Mathematics, and Computer Science. The prize is ceremoniously awarded at JGU's Dies Academicus. <\/p>\n<!-- \/wp:paragraph -->\n\n<!-- wp:paragraph {\"translatedWithWPMLTM\":\"1\"} -->\n<p>In addition to the Drs. Elke and Rainer G\u00f6bel Foundation, the G\u00f6bel couple also established the  <a href=\"https:\/\/goebel-klima-stiftung.uni-mainz.de\/\">Drs. G\u00f6bel Climate Foundation <\/a>in 2021, which is dedicated to climate research and the promotion and mentoring of young research talents in this field at JGU. In 2023, the G\u00f6bel couple founded their third foundation at JGU, the  <a href=\"https:\/\/www.musik.uni-mainz.de\/foerdern-und-stiften-an-der-hochschule-fuer-musik-mainz\/#dres-goebel-stiftung\">Drs. G\u00f6bel Foundation for Music <\/a> , which is committed to the promotion of arts and culture, science and research, as well as education, and general and vocational training, including student support, at the School of Music.<\/p>\n<!-- \/wp:paragraph -->\n\n<!-- wp:jgu\/contact-card {\"name\":\"Contact\"} -->\n<!-- wp:jgu\/list-item {\"icon\":\"university-solid\",\"title\":\"Dean's Office of the Faculty of Physics, Mathematics, and Computer Science\\u003cbr\\u003eStaudingerweg 7\\u003cbr\\u003e55128 Mainz\",\"uuid\":\"1761653920545\"} \/-->\n\n<!-- wp:jgu\/list-item {\"icon\":\"envelope-solid\",\"title\":\"dekanat@phmi.uni-mainz.de\",\"uuid\":\"1761653967607\"} \/-->\n\n<!-- wp:jgu\/list-item {\"icon\":\"phone-solid\",\"title\":\"+49 6131 \/ 39-20660\",\"uuid\":\"1761653844801\"} \/-->\n<!-- \/wp:jgu\/contact-card --><\/div>\n<!-- \/wp:column -->\n\n<!-- wp:column {\"width\":\"33%\"} -->\n<div class=\"wp-block-column\" style=\"flex-basis:33%\"><!-- wp:jgu\/button {\"layout\":{\"type\":\"flex\",\"flexWrap\":\"wrap\",\"justifyContent\":\"left\",\"orientation\":\"vertical\"}} -->\n<!-- wp:jgu\/button-item {\"text\":\"\\u003ca href=\\u0022https:\/\/goebel-klima-stiftung.uni-mainz.de\/\\u0022 target=\\u0022_blank\\u0022 rel=\\u0022noreferrer noopener\\u0022\\u003eDrs. G\u00f6bel Klima-Stiftung \\u003c\/a\\u003e\",\"styling\":\"line\",\"link\":{\"url\":\"https:\/\/goebel-klima-stiftung.uni-mainz.de\/\",\"linkTarget\":\"\",\"rel\":\"\"}} \/-->\n\n<!-- wp:jgu\/button-item {\"text\":\"\\u003ca href=\\u0022https:\/\/www.musik.uni-mainz.de\/hochschule\/dres-goebel-stiftung-fuer-musik\/\\u0022 target=\\u0022_blank\\u0022 rel=\\u0022noreferrer noopener\\u0022\\u003eDrs. G\u00f6bel Foundation for Music \\u003c\/a\\u003e\",\"styling\":\"line\",\"link\":{\"url\":\"https:\/\/www.musik.uni-mainz.de\/foerdern-und-stiften-an-der-hochschule-fuer-musik-mainz\",\"linkTarget\":\"\",\"rel\":\"\"}} \/-->\n\n<!-- wp:jgu\/button-item {\"text\":\"Support JGU\",\"styling\":\"line\",\"link\":{\"url\":\"https:\/\/www.foerdern-und-stiften.uni-mainz.de\/\",\"linkTarget\":\"\",\"rel\":\"\"}} \/-->\n\n<!-- wp:jgu\/button-item {\"text\":\"Dies Academicus at JGU\",\"styling\":\"line\",\"link\":{\"url\":\"https:\/\/gkk.uni-mainz.de\/en\/#dies-academicus\",\"linkTarget\":\"\",\"rel\":\"\"}} \/-->\n\n<!-- wp:jgu\/button-item {\"text\":\"\\u003ca href=\\u0022https:\/\/www.freunde.uni-mainz.de\/\\u0022\\u003eFreunde der Universit\u00e4t Mainz e. V.\\u003c\/a\\u003e\",\"styling\":\"line\",\"link\":{\"url\":\"https:\/\/www.freunde.uni-mainz.de\/\",\"linkTarget\":\"\",\"rel\":\"\"}} \/-->\n<!-- \/wp:jgu\/button --><\/div>\n<!-- \/wp:column --><\/div>\n<!-- \/wp:columns --><\/div><\/div>\n<!-- \/wp:jgu\/section -->","_links":{"self":[{"href":"https:\/\/www.fb08.uni-mainz.de\/en\/wp-json\/wp\/v2\/pages\/20616","targetHints":{"allow":["GET"]}}],"collection":[{"href":"https:\/\/www.fb08.uni-mainz.de\/en\/wp-json\/wp\/v2\/pages"}],"about":[{"href":"https:\/\/www.fb08.uni-mainz.de\/en\/wp-json\/wp\/v2\/types\/page"}],"author":[{"embeddable":true,"href":"https:\/\/www.fb08.uni-mainz.de\/en\/wp-json\/wp\/v2\/users\/281"}],"replies":[{"embeddable":true,"href":"https:\/\/www.fb08.uni-mainz.de\/en\/wp-json\/wp\/v2\/comments?post=20616"}],"version-history":[{"count":13,"href":"https:\/\/www.fb08.uni-mainz.de\/en\/wp-json\/wp\/v2\/pages\/20616\/revisions"}],"predecessor-version":[{"id":23679,"href":"https:\/\/www.fb08.uni-mainz.de\/en\/wp-json\/wp\/v2\/pages\/20616\/revisions\/23679"}],"up":[{"embeddable":true,"href":"https:\/\/www.fb08.uni-mainz.de\/en\/wp-json\/wp\/v2\/pages\/20572"}],"wp:attachment":[{"href":"https:\/\/www.fb08.uni-mainz.de\/en\/wp-json\/wp\/v2\/media?parent=20616"}],"wp:term":[{"taxonomy":"category","embeddable":true,"href":"https:\/\/www.fb08.uni-mainz.de\/en\/wp-json\/wp\/v2\/categories?post=20616"},{"taxonomy":"post_tag","embeddable":true,"href":"https:\/\/www.fb08.uni-mainz.de\/en\/wp-json\/wp\/v2\/tags?post=20616"}],"curies":[{"name":"wp","href":"https:\/\/api.w.org\/{rel}","templated":true}]}}